{"id":50616,"date":"2024-10-11T16:49:13","date_gmt":"2024-10-11T14:49:13","guid":{"rendered":"https:\/\/2024.fim-6days.com\/sustentabilidad-spain\/"},"modified":"2024-10-11T17:00:53","modified_gmt":"2024-10-11T15:00:53","slug":"sustentabilidad-espana","status":"publish","type":"page","link":"https:\/\/2024.fim-6days.com\/es\/sustentabilidad-espana\/","title":{"rendered":"Sustentabilidad Espana"},"content":{"rendered":"<p><div class=\"fusion-fullwidth fullwidth-box fusion-builder-row-1 nonhundred-percent-fullwidth non-hundred-percent-height-scrolling\" style=\"--awb-background-position:center top;--awb-border-radius-top-left:0px;--awb-border-radius-top-right:0px;--awb-border-radius-bottom-right:0px;--awb-border-radius-bottom-left:0px;--awb-padding-top:10%;--awb-padding-bottom:1%;--awb-flex-wrap:wrap;\" ><div class=\"fusion-builder-row fusion-row\"><div class=\"fusion-layout-column fusion_builder_column fusion-builder-column-0 fusion_builder_column_1_1 1_1 fusion-one-full fusion-column-first fusion-column-last\" style=\"--awb-bg-size:cover;\"><div class=\"fusion-column-wrapper fusion-column-has-shadow fusion-flex-column-wrapper-legacy\"><div class=\"fusion-image-element fusion-image-align-center in-legacy-container\" style=\"text-align:center;--awb-margin-bottom:5px;--awb-caption-title-font-family:var(--h2_typography-font-family);--awb-caption-title-font-weight:var(--h2_typography-font-weight);--awb-caption-title-font-style:var(--h2_typography-font-style);--awb-caption-title-size:var(--h2_typography-font-size);--awb-caption-title-transform:var(--h2_typography-text-transform);--awb-caption-title-line-height:var(--h2_typography-line-height);--awb-caption-title-letter-spacing:var(--h2_typography-letter-spacing);\"><div class=\"imageframe-align-center\"><span class=\" fusion-imageframe imageframe-none imageframe-1 hover-type-none\"><img decoding=\"async\" width=\"300\" height=\"232\" title=\"sustainability_Plan de travail 1\" src=\"https:\/\/2024.fim-6days.com\/wp-content\/uploads\/sites\/9\/2024\/10\/sustainability_Plan-de-travail-1-300x232.png\" alt class=\"img-responsive wp-image-50527\" srcset=\"https:\/\/2024.fim-6days.com\/wp-content\/uploads\/sites\/9\/2024\/10\/sustainability_Plan-de-travail-1-200x155.png 200w, https:\/\/2024.fim-6days.com\/wp-content\/uploads\/sites\/9\/2024\/10\/sustainability_Plan-de-travail-1-400x309.png 400w, https:\/\/2024.fim-6days.com\/wp-content\/uploads\/sites\/9\/2024\/10\/sustainability_Plan-de-travail-1-600x464.png 600w, https:\/\/2024.fim-6days.com\/wp-content\/uploads\/sites\/9\/2024\/10\/sustainability_Plan-de-travail-1-800x618.png 800w, https:\/\/2024.fim-6days.com\/wp-content\/uploads\/sites\/9\/2024\/10\/sustainability_Plan-de-travail-1-1200x927.png 1200w\" sizes=\"(max-width: 900px) 100vw, 300px\" \/><\/span><\/div><\/div><div class=\"fusion-title title fusion-title-1 sep-underline sep-solid fusion-title-text fusion-title-size-two\" style=\"--awb-text-color:#24226a;\"><h2 class=\"fusion-title-heading title-heading-left fusion-responsive-typography-calculated\" style=\"margin:0;--fontSize:28;line-height:1.1;\">Un ISDE 2024 sostenible para todos<\/h2><\/div><div class=\"fusion-text fusion-text-1 fusion-text-no-margin\" style=\"--awb-margin-top:5%;--awb-margin-bottom:5%;\"><p>La FIM, consciente del impacto de los eventos, ha desarrollado normas obligatorias de protecci\u00f3n medioambiental descritas en el C\u00f3digo Medioambiental de la FIM 2024. La Comisi\u00f3n Internacional de Sostenibilidad ha elaborado directrices para organizar eventos de alto impacto basados en medidas de mitigaci\u00f3n para proteger los recursos naturales y apoyar la consecuci\u00f3n de los ODS. La FIM cuenta con un equipo t\u00e9cnico altamente capacitado para llevar a cabo mediciones de sonido con el fin de que las motocicletas participantes no superen los l\u00edmites permitidos por la normativa t\u00e9cnica y medioambiental.<\/p>\n<p>Adem\u00e1s, cada evento autorizado por la FIM cuenta con la presencia de un Comisario de Sostenibilidad, formado por instructores expertos acreditados por la Academia de la FIM, que ha superado un riguroso sistema de selecci\u00f3n y evaluaci\u00f3n, y que debe poseer una licencia internacional de comisario de sostenibilidad. Este a\u00f1o, la Comisi\u00f3n Internacional de Sostenibilidad tambi\u00e9n ha nombrado a un miembro como Delegado del CID, que ser\u00e1 el enlace con la comisi\u00f3n de Enduro. Asimismo, al equipo se unir\u00e1 un experto nacional responsable del \u00e1rea.<\/p>\n<\/div><div class=\"fusion-title title fusion-title-2 sep-underline sep-solid fusion-title-text fusion-title-size-three\" style=\"--awb-text-color:#24226a;\"><h3 class=\"fusion-title-heading title-heading-left fusion-responsive-typography-calculated\" style=\"margin:0;--fontSize:28;line-height:1.1;\">Control del nivel sonoro y prevenci\u00f3n de la contaminaci\u00f3n ac\u00fastica<\/h3><\/div><div class=\"fusion-text fusion-text-2\" style=\"--awb-margin-top:2%;\"><p>Los especialistas en medici\u00f3n de sonido de motocicletas de la FIM realizan inspecciones t\u00e9cnicas en todas las motocicletas de los participantes, incluidas mediciones de decibelios, utilizando equipos y m\u00e9todos de medici\u00f3n avanzados. Si fuera necesario, el evento cuenta con un Oficial de Control de Sonido (SCO) experimentado y\/o un ingeniero ac\u00fastico. Adem\u00e1s, los tubos de escape y los silenciadores deben cumplir todos los requisitos relativos al control del sonido (art 1.79 Y 1.31 del <a href=\"https:\/\/www.fim-moto.com\/fileadmin\/user_upload\/Documents\/2024\/2024-0_ENDURO_ISDE_TECHNICAL_RULES_11_01_2024.pdf?t=1728633989\" target=\"_blank\" rel=\"noopener\">reglamento t\u00e9cnico de Enduro<\/a>).<\/p>\n<p>El sistema de sonido en el paddock y en las zonas sensibles tambi\u00e9n est\u00e1 regulado y ajustado para minimizar el impacto del nivel sonoro.<\/p>\n<p>El objetivo es minimizar el nivel sonoro procedente del funcionamiento de los veh\u00edculos de competici\u00f3n, de apoyo y de organizaci\u00f3n, tras un control para detectar si se superan los l\u00edmites permitidos y evitar da\u00f1os a la salud humana y\/o a la fauna local.<\/p>\n<\/div><div class=\"fusion-clearfix\"><\/div><\/div><\/div><\/div><\/div><div class=\"fusion-fullwidth fullwidth-box fusion-builder-row-2 nonhundred-percent-fullwidth non-hundred-percent-height-scrolling\" style=\"--awb-background-position:center top;--awb-border-radius-top-left:0px;--awb-border-radius-top-right:0px;--awb-border-radius-bottom-right:0px;--awb-border-radius-bottom-left:0px;--awb-padding-top:0px;--awb-padding-bottom:0%;--awb-flex-wrap:wrap;\" ><div class=\"fusion-builder-row fusion-row\"><div class=\"fusion-layout-column fusion_builder_column fusion-builder-column-1 fusion_builder_column_1_1 1_1 fusion-one-full fusion-column-first fusion-column-last\" style=\"--awb-bg-size:cover;\"><div class=\"fusion-column-wrapper fusion-column-has-shadow fusion-flex-column-wrapper-legacy\"><div class=\"fusion-title title fusion-title-3 sep-underline sep-solid fusion-title-text fusion-title-size-three\" style=\"--awb-text-color:#24226a;\"><h3 class=\"fusion-title-heading title-heading-left fusion-responsive-typography-calculated\" style=\"margin:0;--fontSize:28;line-height:1.1;\">Evaluaci\u00f3n de impacto ambiental (EIA)<\/h3><\/div><div class=\"fusion-text fusion-text-3\" style=\"--awb-margin-top:2%;\"><p>La Evaluaci\u00f3n de Impacto Ambiental (EIA) fue realizada por un bi\u00f3logo colegiado nacional inscrito en el Registro Nacional de Bi\u00f3logos de Galicia. La EIA es un documento que tiene por objetivo identificar, predecir, valorar y mitigar los posibles impactos ambientales que un proyecto o actividad puede causar a corto, medio y largo plazo. Es un procedimiento t\u00e9cnico-administrativo de car\u00e1cter preventivo. Est\u00e1 disponible en la secretar\u00eda del evento bajo petici\u00f3n.<\/p>\n<\/div><div class=\"fusion-clearfix\"><\/div><\/div><\/div><\/div><\/div><div class=\"fusion-fullwidth fullwidth-box fusion-builder-row-3 nonhundred-percent-fullwidth non-hundred-percent-height-scrolling\" style=\"--awb-background-position:center top;--awb-border-radius-top-left:0px;--awb-border-radius-top-right:0px;--awb-border-radius-bottom-right:0px;--awb-border-radius-bottom-left:0px;--awb-padding-top:0px;--awb-padding-bottom:0px;--awb-flex-wrap:wrap;\" ><div class=\"fusion-builder-row fusion-row\"><div class=\"fusion-layout-column fusion_builder_column fusion-builder-column-2 fusion_builder_column_1_1 1_1 fusion-one-full fusion-column-first fusion-column-last\" style=\"--awb-bg-size:cover;\"><div class=\"fusion-column-wrapper fusion-column-has-shadow fusion-flex-column-wrapper-legacy\"><div class=\"fusion-title title fusion-title-4 sep-underline sep-solid fusion-title-text fusion-title-size-three\" style=\"--awb-text-color:#24226a;\"><h3 class=\"fusion-title-heading title-heading-left fusion-responsive-typography-calculated\" style=\"margin:0;--fontSize:28;line-height:1.1;\">Protecci\u00f3n de la biodiversidad<\/h3><\/div><div class=\"fusion-text fusion-text-4\" style=\"--awb-margin-top:2%;\"><p>This competition will take place in various locations throughout Galicia, some of which have been classified as Red Natura 2000 Galicia. However, the paddock will remain the same throughout all days, and it will be held at Silleda fair compounds, which makes it an ideal location for this activity. The facilities available at the paddock include race control, security, press room, water facilities, electricity, parking and medical services amongst other<\/p>\n<p>A series of measures to satisfy the competition has been proposed to the organisers and experts in the selection of the routes, plus a special plan of measures to adapt the competition to the regulations for natura 2000 network areas.<\/p>\n<p>In general, in the sections of the Natura 2000 Network, special measures are designed to minimise: &#8211;<\/p>\n<ol>\n<li>Acoustic disturbances (sound level control by sections and general).<\/li>\n<li>Disturbances against erosion (reduction of speed and delimitation of zones).<\/li>\n<li>Avoid crowds of spectators.<\/li>\n<li>Parking outside areas enabled for vehicles, &#8211; or support equipment, &#8211; coordination or services.<\/li>\n<\/ol>\n<p>More information can be found in the Environmental Impact Assessment available with the event&#8217;s sustainability delegates.<\/p>\n<\/div><div class=\"fusion-title title fusion-title-5 sep-underline sep-solid fusion-title-text fusion-title-size-three\" style=\"--awb-text-color:#24226a;\"><h3 class=\"fusion-title-heading title-heading-left fusion-responsive-typography-calculated\" style=\"margin:0;--fontSize:28;line-height:1.1;\">Medidas para proteger el suelo y la biodiversidad<\/h3><\/div><div class=\"fusion-text fusion-text-5\" style=\"--awb-margin-top:2%;\"><p>La protecci\u00f3n de la biodiversidad es de suma importancia para la organizaci\u00f3n. Debe aplicarse un plan de protecci\u00f3n de la fauna y la flora de la zona de estudio, centrado en las \u00e1reas donde se sit\u00faan la salida, la meta y las \u00e1reas de servicio.<\/p>\n<p>El evento cuenta con un plan especial de medidas para reducir las molestias e impactos en las zonas de tr\u00e1nsito y congregaci\u00f3n, algunas en entornos de la Red Natura 2000. Con este plan, la organizaci\u00f3n pretende desarrollar un conjunto de acciones espec\u00edficas y de refuerzo para minimizar los posibles efectos ambientales, que se suman a las ya previstas para todo el evento y a las ya establecidas por la FIM para este tipo de Enduro. El objetivo es evitar impactos en aquellos tramos que discurran por el entorno de la Red Natura 2000.<\/p>\n<p>La medida principal, y sobre la que se articulan el resto de actuaciones que componen este plan, es la exclusi\u00f3n de los caminos y senderos presentes dentro de la Red Natura 2000 en tramos cronometrados y\/u otros tramos competitivos. As\u00ed como la recogida selectiva de materia org\u00e1nica y el tratamiento de las aguas residuales que puedan producir las caravanas y en el paddock, que se llevar\u00e1n a una zona del recinto ferial con un sistema de depuraci\u00f3n interno.<\/p>\n<p>La organizaci\u00f3n se compromete a restaurar los suelos alterados como consecuencia de las diferentes actividades llevadas a cabo durante el desarrollo del evento. Para la prevenci\u00f3n de derrames de aceites, grasas y otras sustancias contaminantes, el personal que trabaja con materiales peligrosos ha sido instruido para actuar en caso de accidentes que puedan causar contaminaci\u00f3n.<\/p>\n<p>Todos los participantes deber\u00e1n utilizar una alfombrilla medioambiental regulada seg\u00fan las especificaciones del C\u00f3digo Medioambiental de la FIM tanto en el Parc Ferm\u00e9 como en todos los controles y zonas de repostaje (las condiciones espec\u00edficas se aplican en cada evento y se describen en el reglamento suplementario).<\/p>\n<p>Las zonas de lavado de motocicletas tambi\u00e9n deben tener un drenaje y superficies adecuados (<a href=\"https:\/\/www.fim-moto.com\/fileadmin\/user_upload\/Documents\/2024\/65.620.01_En_June24v3.pdf?t=1728633807\" target=\"_blank\" rel=\"noopener\">C\u00f3digo medioambiental de la FIM<\/a>).<\/p>\n<\/div><div class=\"fusion-clearfix\"><\/div><\/div><\/div><\/div><\/div><div class=\"fusion-fullwidth fullwidth-box fusion-builder-row-4 nonhundred-percent-fullwidth non-hundred-percent-height-scrolling\" style=\"--awb-background-position:center top;--awb-border-radius-top-left:0px;--awb-border-radius-top-right:0px;--awb-border-radius-bottom-right:0px;--awb-border-radius-bottom-left:0px;--awb-padding-top:0px;--awb-padding-bottom:0px;--awb-flex-wrap:wrap;\" ><div class=\"fusion-builder-row fusion-row\"><div class=\"fusion-layout-column fusion_builder_column fusion-builder-column-3 fusion_builder_column_1_1 1_1 fusion-one-full fusion-column-first fusion-column-last\" style=\"--awb-bg-size:cover;\"><div class=\"fusion-column-wrapper fusion-column-has-shadow fusion-flex-column-wrapper-legacy\"><div class=\"fusion-title title fusion-title-6 sep-underline sep-solid fusion-title-text fusion-title-size-three\" style=\"--awb-text-color:#24226a;\"><h3 class=\"fusion-title-heading title-heading-left fusion-responsive-typography-calculated\" style=\"margin:0;--fontSize:28;line-height:1.1;\">Respeto de la flora y la fauna<\/h3><\/div><div class=\"fusion-text fusion-text-6\" style=\"--awb-margin-top:2%;\"><p>Acciones:<\/p>\n<p>Preservar la flora existente en las zonas afectadas directa e indirectamente por el proyecto.<\/p>\n<p>Se proh\u00edbe la extracci\u00f3n y tala de especies vegetales en las zonas directas e indirectas.<\/p>\n<p>No est\u00e1 permitido quemar vegetaci\u00f3n desbrozada, residuos o cualquier otro material que pueda incendiarse f\u00e1cilmente en un espacio abierto.<\/p>\n<p>Queda terminantemente prohibida la recolecci\u00f3n y\/o extracci\u00f3n de fauna silvestre. Cualquier actividad de este tipo est\u00e1 prohibida.<\/p>\n<p>Control estricto de los residuos generados.<\/p>\n<p>La gesti\u00f3n de residuos del evento se coordinar\u00e1 con los Ayuntamientos locales. Se ha preparado personal y equipos espec\u00edficos para llevar a cabo esta tarea.<\/p>\n<\/div><div class=\"fusion-title title fusion-title-7 sep-underline sep-solid fusion-title-text fusion-title-size-three\" style=\"--awb-text-color:#24226a;\"><h3 class=\"fusion-title-heading title-heading-left fusion-responsive-typography-calculated\" style=\"margin:0;--fontSize:28;line-height:1.1;\">Reglas del Paddock ISDE<\/h3><\/div><div class=\"fusion-text fusion-text-7\" style=\"--awb-margin-top:2%;\"><p>Queda terminantemente prohibido verter las aguas residuales en el suelo. Se invita a los equipos a recoger sus aguas residuales en un dep\u00f3sito y a vaciarlas en el lugar adecuado anunciado por la organisaci\u00f3n.<\/p>\n<p>Incrementar la sensibilizaci\u00f3n de los participantes sobre el comportamiento responsable.<\/p>\n<p>Todos los participantes en una competici\u00f3n FIM est\u00e1n llamados a respetar y cumplir la normativa vigente.<\/p>\n<p>En las pruebas y en el paddock, un mensaje sonoro producido por la Federaci\u00f3n Nacional ser\u00e1 emitido regularmente por el speaker en los destinos de los espectadores para la seguridad y el respeto de la naturaleza y del medio ambiente.<\/p>\n<p>Reducci\u00f3n del consumo de papel.<\/p>\n<p>Todos los resultados y reglamentos se gestionar\u00e1n a trav\u00e9s de una aplicaci\u00f3n m\u00f3vil especial, lo que reducir\u00e1 significativamente el consumo de papel.<\/p>\n<\/div><div class=\"fusion-clearfix\"><\/div><\/div><\/div><\/div><\/div><div class=\"fusion-fullwidth fullwidth-box fusion-builder-row-5 nonhundred-percent-fullwidth non-hundred-percent-height-scrolling\" style=\"--awb-background-position:center top;--awb-border-radius-top-left:0px;--awb-border-radius-top-right:0px;--awb-border-radius-bottom-right:0px;--awb-border-radius-bottom-left:0px;--awb-padding-top:0px;--awb-padding-bottom:0px;--awb-flex-wrap:wrap;\" ><div class=\"fusion-builder-row fusion-row\"><div class=\"fusion-layout-column fusion_builder_column fusion-builder-column-4 fusion_builder_column_1_1 1_1 fusion-one-full fusion-column-first fusion-column-last\" style=\"--awb-bg-size:cover;\"><div class=\"fusion-column-wrapper fusion-column-has-shadow fusion-flex-column-wrapper-legacy\"><div class=\"fusion-title title fusion-title-8 sep-underline sep-solid fusion-title-text fusion-title-size-three\" style=\"--awb-text-color:#24226a;\"><h3 class=\"fusion-title-heading title-heading-left fusion-responsive-typography-calculated\" style=\"margin:0;--fontSize:28;line-height:1.1;\">Objetivos de Desarrollo Sostenible (ODS)<\/h3><\/div><div class=\"fusion-text fusion-text-8\" style=\"--awb-margin-top:2%;\"><p>El evento se ha alineado con los ODS:<\/p>\n<p><strong>Clima<\/strong>:<br \/>\nSe pondr\u00e1n en marcha medidas para reducir los GEI y todas las emisiones inevitables (Alcance 1) se calcular\u00e1n utilizando la calculadora de CO2 de la FIM y otros medios y se compensar\u00e1n mediante la plantaci\u00f3n de especies aut\u00f3ctonas por parte de la organizaci\u00f3n durante el tiempo correcto de plantaci\u00f3n.<\/p>\n<p><strong>Inclusi\u00f3n<\/strong>:<br \/>\nSe trata de un evento pensado tambi\u00e9n para la participaci\u00f3n de las mujeres. Adem\u00e1s, algunas zonas del paddock y pruebas particulares tienen acceso para personas con movilidad reducida y aparcamientos especiales. Servicios espec\u00edficos para personas con movilidad reducida. Se trata de un evento mundial.<\/p>\n<p><strong>Promoci\u00f3n de la cultura local<\/strong>:<br \/>\nLa ceremonia de apertura se celebrar\u00e1 en la \u00abPlaza Obradoiro\u00bb. Este es un lugar de importancia mundial con un significado digno especialmente para los peregrinos que finalizan el \u00abCamino de Santiago\u00bb en este lugar.<\/p>\n<p><strong>\u00a0<\/strong><strong>Impacto econ\u00f3mico<\/strong>:<br \/>\nLos Seis D\u00edas Internacionales de Enduro 2024 tendr\u00e1n un impacto econ\u00f3mico directo cercano a los 6 millones de euros, como consecuencia de la actividad de los m\u00e1s de 500 deportistas, 3.000 miembros de la organizaci\u00f3n y equipos auxiliares de las m\u00e1quinas que competir\u00e1n en Galicia entre el 14 y el 19 de octubre. La ocupaci\u00f3n media por competidor es de 12 d\u00edas, lo que supondr\u00e1 un lleno casi absoluto de los establecimientos hoteleros y de turismo rural de la zona centro de Galicia. A pesar de la \u00e9poca del a\u00f1o, en la que suele haber un descenso sustancial de la ocupaci\u00f3n hotelera, durante los d\u00edas de competici\u00f3n se espera un gran repunte en Santiago de Compostela con la llegada de los miembros de la organizaci\u00f3n, medios de comunicaci\u00f3n y espectadores. Adem\u00e1s de la capital, la ocupaci\u00f3n en la zona centro de Galicia est\u00e1 al completo, especialmente en los municipios donde se celebra, donde pr\u00e1cticamente no hay plazas disponibles, y necesit\u00e1ndose alojamiento en otros municipios cercanos, teniendo que ir desde Melide hasta Rodeiro, pasando por establecimientos de las R\u00edas Baixas.<\/p>\n<p><strong>Impacto cultural<\/strong>:<br \/>\nInaugurar los ISDE en la Plaza del Obradoiro de Santiago de Compostela tendr\u00e1 un profundo impacto positivo y cultural, no s\u00f3lo para la ciudad sino para Galicia y Espa\u00f1a en su conjunto. Este lugar emblem\u00e1tico, conocido por ser el destino final del Camino de Santiago y uno de los centros de patrimonio cultural m\u00e1s importantes de Europa, es mucho m\u00e1s que un espacio f\u00edsico. Simboliza la historia, la espiritualidad y la unidad entre las personas.<\/p>\n<p>Este acontecimiento atraer\u00e1 a visitantes de todo el mundo, impulsando el turismo en Santiago y sus alrededores. La exposici\u00f3n medi\u00e1tica mundial aumentar\u00e1 el inter\u00e9s por el Camino de Santiago y la cultura gallega, beneficiando a sectores como la hosteler\u00eda, el comercio y los servicios.<\/p>\n<\/div><div class=\"fusion-clearfix\"><\/div><\/div><\/div><\/div><\/div><\/p>\n","protected":false},"excerpt":{"rendered":"","protected":false},"author":4,"featured_media":0,"parent":0,"menu_order":0,"comment_status":"closed","ping_status":"closed","template":"100-width.php","meta":{"inline_featured_image":false,"footnotes":""},"class_list":["post-50616","page","type-page","status-publish","hentry"],"yoast_head":"<!-- This site is optimized with the Yoast SEO plugin v25.6 - https:\/\/yoast.com\/wordpress\/plugins\/seo\/ -->\n<title>Sustentabilidad Espana - 2024 spain<\/title>\n<meta name=\"description\" content=\"All FIM events have mandatory regulations and penalties for non-compliance with the environmental protection rules described in the FIM Environmental Code.\" \/>\n<meta name=\"robots\" content=\"index, follow, max-snippet:-1, max-image-preview:large, max-video-preview:-1\" \/>\n<link rel=\"canonical\" href=\"https:\/\/2024.fim-6days.com\/es\/sustentabilidad-espana\/\" \/>\n<meta property=\"og:locale\" content=\"es_ES\" \/>\n<meta property=\"og:type\" content=\"article\" \/>\n<meta property=\"og:title\" content=\"Sustentabilidad Espana - 2024 spain\" \/>\n<meta property=\"og:description\" content=\"All FIM events have mandatory regulations and penalties for non-compliance with the environmental protection rules described in the FIM Environmental Code.\" \/>\n<meta property=\"og:url\" content=\"https:\/\/2024.fim-6days.com\/es\/sustentabilidad-espana\/\" \/>\n<meta property=\"og:site_name\" content=\"2024 spain\" \/>\n<meta property=\"article:publisher\" content=\"https:\/\/www.facebook.com\/FIMISDE\/\" \/>\n<meta property=\"article:modified_time\" content=\"2024-10-11T15:00:53+00:00\" \/>\n<meta name=\"twitter:card\" content=\"summary_large_image\" \/>\n<meta name=\"twitter:site\" content=\"@fimisde\" \/>\n<meta name=\"twitter:label1\" content=\"Tiempo de lectura\" \/>\n\t<meta name=\"twitter:data1\" content=\"16 minutos\" \/>\n<script type=\"application\/ld+json\" class=\"yoast-schema-graph\">{\"@context\":\"https:\/\/schema.org\",\"@graph\":[{\"@type\":\"WebPage\",\"@id\":\"https:\/\/2024.fim-6days.com\/es\/sustentabilidad-espana\/\",\"url\":\"https:\/\/2024.fim-6days.com\/es\/sustentabilidad-espana\/\",\"name\":\"Sustentabilidad Espana - 2024 spain\",\"isPartOf\":{\"@id\":\"https:\/\/2024.fim-6days.com\/#website\"},\"datePublished\":\"2024-10-11T14:49:13+00:00\",\"dateModified\":\"2024-10-11T15:00:53+00:00\",\"description\":\"All FIM events have mandatory regulations and penalties for non-compliance with the environmental protection rules described in the FIM Environmental Code.\",\"breadcrumb\":{\"@id\":\"https:\/\/2024.fim-6days.com\/es\/sustentabilidad-espana\/#breadcrumb\"},\"inLanguage\":\"es\",\"potentialAction\":[{\"@type\":\"ReadAction\",\"target\":[\"https:\/\/2024.fim-6days.com\/es\/sustentabilidad-espana\/\"]}]},{\"@type\":\"BreadcrumbList\",\"@id\":\"https:\/\/2024.fim-6days.com\/es\/sustentabilidad-espana\/#breadcrumb\",\"itemListElement\":[{\"@type\":\"ListItem\",\"position\":1,\"name\":\"Home\",\"item\":\"https:\/\/2024.fim-6days.com\/es\/\"},{\"@type\":\"ListItem\",\"position\":2,\"name\":\"Sustentabilidad Espana\"}]},{\"@type\":\"WebSite\",\"@id\":\"https:\/\/2024.fim-6days.com\/#website\",\"url\":\"https:\/\/2024.fim-6days.com\/\",\"name\":\"FIM ISDE 2021\",\"description\":\"FIM ISDE Official website\",\"publisher\":{\"@id\":\"https:\/\/2024.fim-6days.com\/#organization\"},\"potentialAction\":[{\"@type\":\"SearchAction\",\"target\":{\"@type\":\"EntryPoint\",\"urlTemplate\":\"https:\/\/2024.fim-6days.com\/?s={search_term_string}\"},\"query-input\":{\"@type\":\"PropertyValueSpecification\",\"valueRequired\":true,\"valueName\":\"search_term_string\"}}],\"inLanguage\":\"es\"},{\"@type\":\"Organization\",\"@id\":\"https:\/\/2024.fim-6days.com\/#organization\",\"name\":\"FIM - F\u00e9d\u00e9ration Internationale de Motocyclisme\",\"url\":\"https:\/\/2024.fim-6days.com\/\",\"logo\":{\"@type\":\"ImageObject\",\"inLanguage\":\"es\",\"@id\":\"https:\/\/2024.fim-6days.com\/#\/schema\/logo\/image\/\",\"url\":\"https:\/\/2024.fim-6days.com\/wp-content\/uploads\/sites\/9\/2019\/07\/LogoFIM-CMYK.png\",\"contentUrl\":\"https:\/\/2024.fim-6days.com\/wp-content\/uploads\/sites\/9\/2019\/07\/LogoFIM-CMYK.png\",\"width\":2608,\"height\":1833,\"caption\":\"FIM - F\u00e9d\u00e9ration Internationale de Motocyclisme\"},\"image\":{\"@id\":\"https:\/\/2024.fim-6days.com\/#\/schema\/logo\/image\/\"},\"sameAs\":[\"https:\/\/www.facebook.com\/FIMISDE\/\",\"https:\/\/x.com\/fimisde\",\"https:\/\/www.instagram.com\/fim_isde\/\"]}]}<\/script>\n<!-- \/ Yoast SEO plugin. -->","yoast_head_json":{"title":"Sustentabilidad Espana - 2024 spain","description":"All FIM events have mandatory regulations and penalties for non-compliance with the environmental protection rules described in the FIM Environmental Code.","robots":{"index":"index","follow":"follow","max-snippet":"max-snippet:-1","max-image-preview":"max-image-preview:large","max-video-preview":"max-video-preview:-1"},"canonical":"https:\/\/2024.fim-6days.com\/es\/sustentabilidad-espana\/","og_locale":"es_ES","og_type":"article","og_title":"Sustentabilidad Espana - 2024 spain","og_description":"All FIM events have mandatory regulations and penalties for non-compliance with the environmental protection rules described in the FIM Environmental Code.","og_url":"https:\/\/2024.fim-6days.com\/es\/sustentabilidad-espana\/","og_site_name":"2024 spain","article_publisher":"https:\/\/www.facebook.com\/FIMISDE\/","article_modified_time":"2024-10-11T15:00:53+00:00","twitter_card":"summary_large_image","twitter_site":"@fimisde","twitter_misc":{"Tiempo de lectura":"16 minutos"},"schema":{"@context":"https:\/\/schema.org","@graph":[{"@type":"WebPage","@id":"https:\/\/2024.fim-6days.com\/es\/sustentabilidad-espana\/","url":"https:\/\/2024.fim-6days.com\/es\/sustentabilidad-espana\/","name":"Sustentabilidad Espana - 2024 spain","isPartOf":{"@id":"https:\/\/2024.fim-6days.com\/#website"},"datePublished":"2024-10-11T14:49:13+00:00","dateModified":"2024-10-11T15:00:53+00:00","description":"All FIM events have mandatory regulations and penalties for non-compliance with the environmental protection rules described in the FIM Environmental Code.","breadcrumb":{"@id":"https:\/\/2024.fim-6days.com\/es\/sustentabilidad-espana\/#breadcrumb"},"inLanguage":"es","potentialAction":[{"@type":"ReadAction","target":["https:\/\/2024.fim-6days.com\/es\/sustentabilidad-espana\/"]}]},{"@type":"BreadcrumbList","@id":"https:\/\/2024.fim-6days.com\/es\/sustentabilidad-espana\/#breadcrumb","itemListElement":[{"@type":"ListItem","position":1,"name":"Home","item":"https:\/\/2024.fim-6days.com\/es\/"},{"@type":"ListItem","position":2,"name":"Sustentabilidad Espana"}]},{"@type":"WebSite","@id":"https:\/\/2024.fim-6days.com\/#website","url":"https:\/\/2024.fim-6days.com\/","name":"FIM ISDE 2021","description":"FIM ISDE Official website","publisher":{"@id":"https:\/\/2024.fim-6days.com\/#organization"},"potentialAction":[{"@type":"SearchAction","target":{"@type":"EntryPoint","urlTemplate":"https:\/\/2024.fim-6days.com\/?s={search_term_string}"},"query-input":{"@type":"PropertyValueSpecification","valueRequired":true,"valueName":"search_term_string"}}],"inLanguage":"es"},{"@type":"Organization","@id":"https:\/\/2024.fim-6days.com\/#organization","name":"FIM - F\u00e9d\u00e9ration Internationale de Motocyclisme","url":"https:\/\/2024.fim-6days.com\/","logo":{"@type":"ImageObject","inLanguage":"es","@id":"https:\/\/2024.fim-6days.com\/#\/schema\/logo\/image\/","url":"https:\/\/2024.fim-6days.com\/wp-content\/uploads\/sites\/9\/2019\/07\/LogoFIM-CMYK.png","contentUrl":"https:\/\/2024.fim-6days.com\/wp-content\/uploads\/sites\/9\/2019\/07\/LogoFIM-CMYK.png","width":2608,"height":1833,"caption":"FIM - F\u00e9d\u00e9ration Internationale de Motocyclisme"},"image":{"@id":"https:\/\/2024.fim-6days.com\/#\/schema\/logo\/image\/"},"sameAs":["https:\/\/www.facebook.com\/FIMISDE\/","https:\/\/x.com\/fimisde","https:\/\/www.instagram.com\/fim_isde\/"]}]}},"_links":{"self":[{"href":"https:\/\/2024.fim-6days.com\/es\/wp-json\/wp\/v2\/pages\/50616","targetHints":{"allow":["GET"]}}],"collection":[{"href":"https:\/\/2024.fim-6days.com\/es\/wp-json\/wp\/v2\/pages"}],"about":[{"href":"https:\/\/2024.fim-6days.com\/es\/wp-json\/wp\/v2\/types\/page"}],"author":[{"embeddable":true,"href":"https:\/\/2024.fim-6days.com\/es\/wp-json\/wp\/v2\/users\/4"}],"replies":[{"embeddable":true,"href":"https:\/\/2024.fim-6days.com\/es\/wp-json\/wp\/v2\/comments?post=50616"}],"version-history":[{"count":2,"href":"https:\/\/2024.fim-6days.com\/es\/wp-json\/wp\/v2\/pages\/50616\/revisions"}],"predecessor-version":[{"id":50618,"href":"https:\/\/2024.fim-6days.com\/es\/wp-json\/wp\/v2\/pages\/50616\/revisions\/50618"}],"wp:attachment":[{"href":"https:\/\/2024.fim-6days.com\/es\/wp-json\/wp\/v2\/media?parent=50616"}],"curies":[{"name":"wp","href":"https:\/\/api.w.org\/{rel}","templated":true}]}}